{"id":2639,"date":"2023-08-08T14:48:19","date_gmt":"2023-08-08T14:48:19","guid":{"rendered":"https:\/\/harmonie-vaals.nl\/blog\/?page_id=2639"},"modified":"2023-08-08T14:48:19","modified_gmt":"2023-08-08T14:48:19","slug":"vols-pakt-oes","status":"publish","type":"page","link":"https:\/\/harmonie-vaals.nl\/blog\/vols-pakt-oes\/","title":{"rendered":"Vols pakt oes"},"content":{"rendered":"<div class=\"fusion-fullwidth fullwidth-box fusion-builder-row-1 fusion-flex-container has-pattern-background has-mask-background nonhundred-percent-fullwidth non-hundred-percent-height-scrolling\" style=\"--awb-border-radius-top-left:0px;--awb-border-radius-top-right:0px;--awb-border-radius-bottom-right:0px;--awb-border-radius-bottom-left:0px;--awb-flex-wrap:wrap;\" ><div class=\"fusion-builder-row fusion-row fusion-flex-align-items-flex-start fusion-flex-content-wrap\" style=\"max-width:1404px;margin-left: calc(-4% \/ 2 );margin-right: calc(-4% \/ 2 );\"><div class=\"fusion-layout-column fusion_builder_column fusion-builder-column-0 fusion_builder_column_1_1 1_1 fusion-flex-column\" style=\"--awb-bg-size:cover;--awb-width-large:100%;--awb-margin-top-large:0px;--awb-spacing-right-large:1.92%;--awb-margin-bottom-large:20px;--awb-spacing-left-large:1.92%;--awb-width-medium:100%;--awb-order-medium:0;--awb-spacing-right-medium:1.92%;--awb-spacing-left-medium:1.92%;--awb-width-small:100%;--awb-order-small:0;--awb-spacing-right-small:1.92%;--awb-spacing-left-small:1.92%;\"><div class=\"fusion-column-wrapper fusion-column-has-shadow fusion-flex-justify-content-flex-start fusion-content-layout-column\"><div class=\"fusion-video fusion-youtube\" style=\"--awb-max-width:1350px;--awb-max-height:759px;--awb-align-self:center;--awb-width:100%;\" data-autoplay=\"1\"><div class=\"video-shortcode\"><lite-youtube videoid=\"MDa10-N6I9g\" class=\"landscape\" params=\"wmode=transparent&autoplay=1&amp;enablejsapi=1\" title=\"YouTube video player 1\" data-button-label=\"Play Video\" width=\"1350\" height=\"759\" data-thumbnail-size=\"auto\" data-no-cookie=\"on\"><\/lite-youtube><\/div><\/div><div class=\"fusion-text fusion-text-1\"><div style=\"text-align: justify;\"><\/div>\n<span class=\"fusion-dropcap dropcap\">D<\/span>\n<div style=\"text-align: justify;\"><span style=\"color: var(--awb-text-color); font-family: var(--awb-text-font-family); font-size: var(--awb-font-size); font-style: var(--awb-text-font-style); font-weight: var(--awb-text-font-weight); letter-spacing: var(--awb-letter-spacing); text-align: var(--awb-content-alignment); text-transform: var(--awb-text-transform); background-color: var(--awb-bg-color);\">e Moeziek va Vols, Kon. harmonie St. Cecilia 1836 Vaals in de coronatsiet jannewaar 2021 vanoes heem jezonge en jespe\u00e4lt va de medsjere en jonge va de moeziek Al sedert 1948 is \u201cVOLS PAKT OES\u201d de sjlajer waar in Vaals vastelovvend mee start en mee eindigt. De historisch actuele tekst van Lambert Erven en de makkelijk in het gehoor liggende melodie van Leo Ketelaars overleefden tot nu toe elke tijdgeest en zullen dit ook zeker blijven doen. De tekst kondigt aan dat Vols nu \u00f3\u00f3k eindelijk karnaval heeft en dat de buitenwereld dat mag weten. Bovendien roept de tekst ons V\u00f6lser op vanaf dat moment elk jaar opnieuw \u201coes tse pakke\u201d, wat er ook gebeurt: \u201clos komme wat da komme wil\u201d. En dat doen we inmiddels al 72 jaar. \u201cLos komme wat da komme wil\u201d: Soms waren er bijzondere gebeurtenissen, waardoor vastelovvend (aan)gepast gevierd moest worden. Bv. de watersnoodramp in 1953 en de Golfoorlog in 1991. Vaals en karnaval pasten zich aan. In 1953 vierde Vaals zomerkarnaval (in april bij prachtig weer). In 1991 stond Vaals op karnavalszondag tijdens de dialektmis in de St. Pauluskerk stil bij de verschrikkingen in het Oosten en bracht de dagen in stilte door. En ook in die stilte pakte \u201cVols oes\u201d. Die stilte is er nu weer. Deze keer is het de Corona-pandemie, die verhindert dat datgene dat zo bij vastelovvend hoort: Tsezame viere, prins, elveroad, zits\u00f3nge, z\u00e8nge, danse, sjoenkele, puutsje, \u00f3pts\u00f3ch, ee \u00f3p de lamp sj\u00f6dde, niet kan. Karnaval op afstand: Het is eigenlijk in tegenspraak met wat karnaval is, maar deze uitdaging en het feit dat het bloed kruipt waar het niet gaan kan, maken creatieve idee\u00ebn los. Zo ook bij de harmonie, die met \u201cVOLS DOE BIS E D\u00d6RP\u201d in deze coronatijd al eerder een hart onder de riem stak en met de \u201cADVENTSKALENDER\u201d ook in de v\u00f3\u00f3r-kersttijd al voor sfeer zorgde. Als \u201cMoeziek va Vols\u201d gaat de harmonie ons aller \u201cVOLS PAKT OES\u201d (in dat prachtige arrangement van Hub Deitz) bij de mensen thuis brengen.<\/p>\n<p><\/span><\/div>\n<h3 style=\"color: var(--awb-color5);\">VOLS PAKT OES (in Corona-tsiet)<\/h3>\n<p><i>Vols hat noa al die joare, dis joar j\u00e8nge Karneval<br \/>\nEt is jeleuf \u00f3s veur tse kriesje, en zisjer nit normaal<br \/>\nD\u00e8n dis joar jelt veur j\u00e8dder\u00e8nge Et is Corona pandemie<br \/>\nDr\u00f6m deu\u00ebsj noe j\u00e8nge z\u00e8nge en sjpr\u00e8nge<br \/>\nDat deet \u00f3s V\u00f6lser risjtiesj wieje<\/i><\/p>\n<p>Refr.:<br \/>\n<i>Vols pakt oes deet vastelovvend viere<br \/>\nVuur losse os, va jenge kommandiere<br \/>\nLos komme wat da komme wil<br \/>\nDoa maache vuur \u00f3s nuus droes<br \/>\nD\u00e8n \u00f3s parool dat is en blieft faldera: \u2018Vols pakt oes\u2019<\/i><\/p>\n<p>Tekst: Marco Fr\u00f6hling &#8211; Lambert Erven<br \/>\nMuziek: Leo Ketelaars<br \/>\nHarmonie-arrangement Hub Deitz<\/p>\n<\/div><\/div><\/div><\/div><\/div>\n","protected":false},"excerpt":{"rendered":"","protected":false},"author":1,"featured_media":2586,"parent":0,"menu_order":0,"comment_status":"closed","ping_status":"closed","template":"","meta":{"footnotes":""},"class_list":["post-2639","page","type-page","status-publish","has-post-thumbnail","hentry"],"yoast_head":"<!-- This site is optimized with the Yoast SEO plugin v27.5 - https:\/\/yoast.com\/product\/yoast-seo-wordpress\/ -->\n<title>Vols pakt oes - Kon. harmonie St. Cecilia 1836 Vaals<\/title>\n<meta name=\"robots\" content=\"index, follow, max-snippet:-1, max-image-preview:large, max-video-preview:-1\" \/>\n<link rel=\"canonical\" href=\"https:\/\/harmonie-vaals.nl\/blog\/vols-pakt-oes\/\" \/>\n<meta property=\"og:locale\" content=\"nl_NL\" \/>\n<meta property=\"og:type\" content=\"article\" \/>\n<meta property=\"og:title\" content=\"Vols pakt oes - Kon. harmonie St. Cecilia 1836 Vaals\" \/>\n<meta property=\"og:url\" content=\"https:\/\/harmonie-vaals.nl\/blog\/vols-pakt-oes\/\" \/>\n<meta property=\"og:site_name\" content=\"Kon. harmonie St. Cecilia 1836 Vaals\" \/>\n<meta property=\"article:publisher\" content=\"https:\/\/www.facebook.com\/DeMoeziek\/\" \/>\n<meta property=\"og:image\" content=\"https:\/\/harmonie-vaals.nl\/blog\/wp-content\/uploads\/2023\/08\/video4.png\" \/>\n\t<meta property=\"og:image:width\" content=\"1170\" \/>\n\t<meta property=\"og:image:height\" content=\"800\" \/>\n\t<meta property=\"og:image:type\" content=\"image\/png\" \/>\n<meta name=\"twitter:card\" content=\"summary_large_image\" \/>\n<meta name=\"twitter:label1\" content=\"Geschatte leestijd\" \/>\n\t<meta name=\"twitter:data1\" content=\"5 minuten\" \/>\n<script type=\"application\/ld+json\" class=\"yoast-schema-graph\">{\"@context\":\"https:\\\/\\\/schema.org\",\"@graph\":[{\"@type\":\"WebPage\",\"@id\":\"https:\\\/\\\/harmonie-vaals.nl\\\/blog\\\/vols-pakt-oes\\\/\",\"url\":\"https:\\\/\\\/harmonie-vaals.nl\\\/blog\\\/vols-pakt-oes\\\/\",\"name\":\"Vols pakt oes - Kon. harmonie St. Cecilia 1836 Vaals\",\"isPartOf\":{\"@id\":\"https:\\\/\\\/harmonie-vaals.nl\\\/blog\\\/#website\"},\"primaryImageOfPage\":{\"@id\":\"https:\\\/\\\/harmonie-vaals.nl\\\/blog\\\/vols-pakt-oes\\\/#primaryimage\"},\"image\":{\"@id\":\"https:\\\/\\\/harmonie-vaals.nl\\\/blog\\\/vols-pakt-oes\\\/#primaryimage\"},\"thumbnailUrl\":\"https:\\\/\\\/harmonie-vaals.nl\\\/blog\\\/wp-content\\\/uploads\\\/2023\\\/08\\\/video4.png\",\"datePublished\":\"2023-08-08T14:48:19+00:00\",\"breadcrumb\":{\"@id\":\"https:\\\/\\\/harmonie-vaals.nl\\\/blog\\\/vols-pakt-oes\\\/#breadcrumb\"},\"inLanguage\":\"nl-NL\",\"potentialAction\":[{\"@type\":\"ReadAction\",\"target\":[\"https:\\\/\\\/harmonie-vaals.nl\\\/blog\\\/vols-pakt-oes\\\/\"]}]},{\"@type\":\"ImageObject\",\"inLanguage\":\"nl-NL\",\"@id\":\"https:\\\/\\\/harmonie-vaals.nl\\\/blog\\\/vols-pakt-oes\\\/#primaryimage\",\"url\":\"https:\\\/\\\/harmonie-vaals.nl\\\/blog\\\/wp-content\\\/uploads\\\/2023\\\/08\\\/video4.png\",\"contentUrl\":\"https:\\\/\\\/harmonie-vaals.nl\\\/blog\\\/wp-content\\\/uploads\\\/2023\\\/08\\\/video4.png\",\"width\":1170,\"height\":800},{\"@type\":\"BreadcrumbList\",\"@id\":\"https:\\\/\\\/harmonie-vaals.nl\\\/blog\\\/vols-pakt-oes\\\/#breadcrumb\",\"itemListElement\":[{\"@type\":\"ListItem\",\"position\":1,\"name\":\"Home\",\"item\":\"https:\\\/\\\/harmonie-vaals.nl\\\/blog\\\/\"},{\"@type\":\"ListItem\",\"position\":2,\"name\":\"Vols pakt oes\"}]},{\"@type\":\"WebSite\",\"@id\":\"https:\\\/\\\/harmonie-vaals.nl\\\/blog\\\/#website\",\"url\":\"https:\\\/\\\/harmonie-vaals.nl\\\/blog\\\/\",\"name\":\"Kon. harmonie St. Cecilia 1836 Vaals\",\"description\":\"De Moeziek. Grenzenloos muziek voor jong en oud.\",\"publisher\":{\"@id\":\"https:\\\/\\\/harmonie-vaals.nl\\\/blog\\\/#organization\"},\"alternateName\":\"De Moeziek\",\"potentialAction\":[{\"@type\":\"SearchAction\",\"target\":{\"@type\":\"EntryPoint\",\"urlTemplate\":\"https:\\\/\\\/harmonie-vaals.nl\\\/blog\\\/?s={search_term_string}\"},\"query-input\":{\"@type\":\"PropertyValueSpecification\",\"valueRequired\":true,\"valueName\":\"search_term_string\"}}],\"inLanguage\":\"nl-NL\"},{\"@type\":\"Organization\",\"@id\":\"https:\\\/\\\/harmonie-vaals.nl\\\/blog\\\/#organization\",\"name\":\"Kon. harmonie St. Cecilia 1836 Vaals\",\"alternateName\":\"Kon. harmonie St. Cecilia 1836 Vaals\",\"url\":\"https:\\\/\\\/harmonie-vaals.nl\\\/blog\\\/\",\"logo\":{\"@type\":\"ImageObject\",\"inLanguage\":\"nl-NL\",\"@id\":\"https:\\\/\\\/harmonie-vaals.nl\\\/blog\\\/#\\\/schema\\\/logo\\\/image\\\/\",\"url\":\"https:\\\/\\\/harmonie-vaals.nl\\\/blog\\\/wp-content\\\/uploads\\\/2023\\\/08\\\/Logo2201835zonderteksttransparantmetwit.png\",\"contentUrl\":\"https:\\\/\\\/harmonie-vaals.nl\\\/blog\\\/wp-content\\\/uploads\\\/2023\\\/08\\\/Logo2201835zonderteksttransparantmetwit.png\",\"width\":100,\"height\":100,\"caption\":\"Kon. harmonie St. Cecilia 1836 Vaals\"},\"image\":{\"@id\":\"https:\\\/\\\/harmonie-vaals.nl\\\/blog\\\/#\\\/schema\\\/logo\\\/image\\\/\"},\"sameAs\":[\"https:\\\/\\\/www.facebook.com\\\/DeMoeziek\\\/\",\"https:\\\/\\\/www.instagram.com\\\/harmonievaals\",\"https:\\\/\\\/soundcloud.com\\\/eric-volders\"]}]}<\/script>\n<!-- \/ Yoast SEO plugin. -->","yoast_head_json":{"title":"Vols pakt oes - Kon. harmonie St. Cecilia 1836 Vaals","robots":{"index":"index","follow":"follow","max-snippet":"max-snippet:-1","max-image-preview":"max-image-preview:large","max-video-preview":"max-video-preview:-1"},"canonical":"https:\/\/harmonie-vaals.nl\/blog\/vols-pakt-oes\/","og_locale":"nl_NL","og_type":"article","og_title":"Vols pakt oes - Kon. harmonie St. Cecilia 1836 Vaals","og_url":"https:\/\/harmonie-vaals.nl\/blog\/vols-pakt-oes\/","og_site_name":"Kon. harmonie St. Cecilia 1836 Vaals","article_publisher":"https:\/\/www.facebook.com\/DeMoeziek\/","og_image":[{"width":1170,"height":800,"url":"https:\/\/harmonie-vaals.nl\/blog\/wp-content\/uploads\/2023\/08\/video4.png","type":"image\/png"}],"twitter_card":"summary_large_image","twitter_misc":{"Geschatte leestijd":"5 minuten"},"schema":{"@context":"https:\/\/schema.org","@graph":[{"@type":"WebPage","@id":"https:\/\/harmonie-vaals.nl\/blog\/vols-pakt-oes\/","url":"https:\/\/harmonie-vaals.nl\/blog\/vols-pakt-oes\/","name":"Vols pakt oes - Kon. harmonie St. Cecilia 1836 Vaals","isPartOf":{"@id":"https:\/\/harmonie-vaals.nl\/blog\/#website"},"primaryImageOfPage":{"@id":"https:\/\/harmonie-vaals.nl\/blog\/vols-pakt-oes\/#primaryimage"},"image":{"@id":"https:\/\/harmonie-vaals.nl\/blog\/vols-pakt-oes\/#primaryimage"},"thumbnailUrl":"https:\/\/harmonie-vaals.nl\/blog\/wp-content\/uploads\/2023\/08\/video4.png","datePublished":"2023-08-08T14:48:19+00:00","breadcrumb":{"@id":"https:\/\/harmonie-vaals.nl\/blog\/vols-pakt-oes\/#breadcrumb"},"inLanguage":"nl-NL","potentialAction":[{"@type":"ReadAction","target":["https:\/\/harmonie-vaals.nl\/blog\/vols-pakt-oes\/"]}]},{"@type":"ImageObject","inLanguage":"nl-NL","@id":"https:\/\/harmonie-vaals.nl\/blog\/vols-pakt-oes\/#primaryimage","url":"https:\/\/harmonie-vaals.nl\/blog\/wp-content\/uploads\/2023\/08\/video4.png","contentUrl":"https:\/\/harmonie-vaals.nl\/blog\/wp-content\/uploads\/2023\/08\/video4.png","width":1170,"height":800},{"@type":"BreadcrumbList","@id":"https:\/\/harmonie-vaals.nl\/blog\/vols-pakt-oes\/#breadcrumb","itemListElement":[{"@type":"ListItem","position":1,"name":"Home","item":"https:\/\/harmonie-vaals.nl\/blog\/"},{"@type":"ListItem","position":2,"name":"Vols pakt oes"}]},{"@type":"WebSite","@id":"https:\/\/harmonie-vaals.nl\/blog\/#website","url":"https:\/\/harmonie-vaals.nl\/blog\/","name":"Kon. harmonie St. Cecilia 1836 Vaals","description":"De Moeziek. Grenzenloos muziek voor jong en oud.","publisher":{"@id":"https:\/\/harmonie-vaals.nl\/blog\/#organization"},"alternateName":"De Moeziek","potentialAction":[{"@type":"SearchAction","target":{"@type":"EntryPoint","urlTemplate":"https:\/\/harmonie-vaals.nl\/blog\/?s={search_term_string}"},"query-input":{"@type":"PropertyValueSpecification","valueRequired":true,"valueName":"search_term_string"}}],"inLanguage":"nl-NL"},{"@type":"Organization","@id":"https:\/\/harmonie-vaals.nl\/blog\/#organization","name":"Kon. harmonie St. Cecilia 1836 Vaals","alternateName":"Kon. harmonie St. Cecilia 1836 Vaals","url":"https:\/\/harmonie-vaals.nl\/blog\/","logo":{"@type":"ImageObject","inLanguage":"nl-NL","@id":"https:\/\/harmonie-vaals.nl\/blog\/#\/schema\/logo\/image\/","url":"https:\/\/harmonie-vaals.nl\/blog\/wp-content\/uploads\/2023\/08\/Logo2201835zonderteksttransparantmetwit.png","contentUrl":"https:\/\/harmonie-vaals.nl\/blog\/wp-content\/uploads\/2023\/08\/Logo2201835zonderteksttransparantmetwit.png","width":100,"height":100,"caption":"Kon. harmonie St. Cecilia 1836 Vaals"},"image":{"@id":"https:\/\/harmonie-vaals.nl\/blog\/#\/schema\/logo\/image\/"},"sameAs":["https:\/\/www.facebook.com\/DeMoeziek\/","https:\/\/www.instagram.com\/harmonievaals","https:\/\/soundcloud.com\/eric-volders"]}]}},"_links":{"self":[{"href":"https:\/\/harmonie-vaals.nl\/blog\/wp-json\/wp\/v2\/pages\/2639","targetHints":{"allow":["GET"]}}],"collection":[{"href":"https:\/\/harmonie-vaals.nl\/blog\/wp-json\/wp\/v2\/pages"}],"about":[{"href":"https:\/\/harmonie-vaals.nl\/blog\/wp-json\/wp\/v2\/types\/page"}],"author":[{"embeddable":true,"href":"https:\/\/harmonie-vaals.nl\/blog\/wp-json\/wp\/v2\/users\/1"}],"replies":[{"embeddable":true,"href":"https:\/\/harmonie-vaals.nl\/blog\/wp-json\/wp\/v2\/comments?post=2639"}],"version-history":[{"count":2,"href":"https:\/\/harmonie-vaals.nl\/blog\/wp-json\/wp\/v2\/pages\/2639\/revisions"}],"predecessor-version":[{"id":2642,"href":"https:\/\/harmonie-vaals.nl\/blog\/wp-json\/wp\/v2\/pages\/2639\/revisions\/2642"}],"wp:featuredmedia":[{"embeddable":true,"href":"https:\/\/harmonie-vaals.nl\/blog\/wp-json\/wp\/v2\/media\/2586"}],"wp:attachment":[{"href":"https:\/\/harmonie-vaals.nl\/blog\/wp-json\/wp\/v2\/media?parent=2639"}],"curies":[{"name":"wp","href":"https:\/\/api.w.org\/{rel}","templated":true}]}}